{"id":1108,"date":"2026-02-25T19:43:49","date_gmt":"2026-02-25T19:43:49","guid":{"rendered":"https:\/\/aviacion.mil.ve\/?page_id=1108"},"modified":"2026-04-16T13:01:14","modified_gmt":"2026-04-16T13:01:14","slug":"dirtic","status":"publish","type":"page","link":"https:\/\/aviacion.mil.ve\/index.php\/dirtic\/","title":{"rendered":"DIRTIC"},"content":{"rendered":"\t\t<div data-elementor-type=\"wp-page\" data-elementor-id=\"1108\" class=\"elementor elementor-1108\" data-elementor-post-type=\"page\">\n\t\t\t\t<div class=\"elementor-element elementor-element-d702586 e-con-full e-flex e-con e-parent\" data-id=\"d702586\" data-element_type=\"container\" data-e-type=\"container\">\n\t\t<div class=\"elementor-element elementor-element-1b8c8c3 e-con-full e-flex e-con e-child\" data-id=\"1b8c8c3\" data-element_type=\"container\" data-e-type=\"container\">\n\t\t\t\t<div class=\"elementor-element elementor-element-314a6a8 elementor-widget elementor-widget-image\" data-id=\"314a6a8\" data-element_type=\"widget\" data-e-type=\"widget\" data-widget_type=\"image.default\">\n\t\t\t\t\t\t\t\t\t\t\t\t\t\t\t<img fetchpriority=\"high\" decoding=\"async\" width=\"1497\" height=\"267\" src=\"https:\/\/aviacion.mil.ve\/wp-content\/uploads\/2026\/02\/cropped-cropped-cropped-WhatsApp-Image-2025-11-26-at-8.22.02-PM.jpeg\" class=\"attachment-full size-full wp-image-94\" alt=\"\" srcset=\"https:\/\/aviacion.mil.ve\/wp-content\/uploads\/2026\/02\/cropped-cropped-cropped-WhatsApp-Image-2025-11-26-at-8.22.02-PM.jpeg 1497w, https:\/\/aviacion.mil.ve\/wp-content\/uploads\/2026\/02\/cropped-cropped-cropped-WhatsApp-Image-2025-11-26-at-8.22.02-PM-300x54.jpeg 300w, https:\/\/aviacion.mil.ve\/wp-content\/uploads\/2026\/02\/cropped-cropped-cropped-WhatsApp-Image-2025-11-26-at-8.22.02-PM-1024x183.jpeg 1024w, https:\/\/aviacion.mil.ve\/wp-content\/uploads\/2026\/02\/cropped-cropped-cropped-WhatsApp-Image-2025-11-26-at-8.22.02-PM-768x137.jpeg 768w\" sizes=\"(max-width: 1497px) 100vw, 1497px\" \/>\t\t\t\t\t\t\t\t\t\t\t\t\t\t\t<\/div>\n\t\t\t\t<\/div>\n\t\t\t\t<\/div>\n\t\t<div class=\"elementor-element elementor-element-fdcd582 e-con-full e-flex e-con e-parent\" data-id=\"fdcd582\" data-element_type=\"container\" data-e-type=\"container\">\n\t\t\t\t<div class=\"elementor-element elementor-element-0b907aa elementor-widget elementor-widget-image\" data-id=\"0b907aa\" data-element_type=\"widget\" data-e-type=\"widget\" data-widget_type=\"image.default\">\n\t\t\t\t\t\t\t\t\t\t\t\t\t\t\t<img decoding=\"async\" width=\"2560\" height=\"128\" src=\"https:\/\/aviacion.mil.ve\/wp-content\/uploads\/2026\/02\/director-scaled.jpg\" class=\"attachment-full size-full wp-image-1112\" alt=\"\" srcset=\"https:\/\/aviacion.mil.ve\/wp-content\/uploads\/2026\/02\/director-scaled.jpg 2560w, https:\/\/aviacion.mil.ve\/wp-content\/uploads\/2026\/02\/director-300x15.jpg 300w, https:\/\/aviacion.mil.ve\/wp-content\/uploads\/2026\/02\/director-1024x51.jpg 1024w, https:\/\/aviacion.mil.ve\/wp-content\/uploads\/2026\/02\/director-768x38.jpg 768w, https:\/\/aviacion.mil.ve\/wp-content\/uploads\/2026\/02\/director-1536x77.jpg 1536w, https:\/\/aviacion.mil.ve\/wp-content\/uploads\/2026\/02\/director-2048x102.jpg 2048w\" sizes=\"(max-width: 2560px) 100vw, 2560px\" \/>\t\t\t\t\t\t\t\t\t\t\t\t\t\t\t<\/div>\n\t\t\t\t<\/div>\n\t\t<div class=\"elementor-element elementor-element-3e710ee e-flex e-con-boxed e-con e-parent\" data-id=\"3e710ee\" data-element_type=\"container\" data-e-type=\"container\">\n\t\t\t\t\t<div class=\"e-con-inner\">\n\t\t<div class=\"elementor-element elementor-element-f12b56b e-con-full e-flex e-con e-child\" data-id=\"f12b56b\" data-element_type=\"container\" data-e-type=\"container\">\n\t\t<div class=\"elementor-element elementor-element-a781bcb e-con-full e-flex e-con e-child\" data-id=\"a781bcb\" data-element_type=\"container\" data-e-type=\"container\">\n\t\t\t\t<div class=\"elementor-element elementor-element-890c0a0 elementor-widget elementor-widget-image\" data-id=\"890c0a0\" data-element_type=\"widget\" data-e-type=\"widget\" data-widget_type=\"image.default\">\n\t\t\t\t\t\t\t\t\t\t\t\t\t\t\t<img decoding=\"async\" width=\"200\" height=\"300\" src=\"https:\/\/aviacion.mil.ve\/wp-content\/uploads\/2026\/04\/5118872281600953364-200x300.jpg\" class=\"attachment-medium size-medium wp-image-2028\" alt=\"\" srcset=\"https:\/\/aviacion.mil.ve\/wp-content\/uploads\/2026\/04\/5118872281600953364-200x300.jpg 200w, https:\/\/aviacion.mil.ve\/wp-content\/uploads\/2026\/04\/5118872281600953364-682x1024.jpg 682w, https:\/\/aviacion.mil.ve\/wp-content\/uploads\/2026\/04\/5118872281600953364-768x1152.jpg 768w, https:\/\/aviacion.mil.ve\/wp-content\/uploads\/2026\/04\/5118872281600953364-1024x1536.jpg 1024w, https:\/\/aviacion.mil.ve\/wp-content\/uploads\/2026\/04\/5118872281600953364.jpg 1181w\" sizes=\"(max-width: 200px) 100vw, 200px\" \/>\t\t\t\t\t\t\t\t\t\t\t\t\t\t\t<\/div>\n\t\t\t\t<\/div>\n\t\t\t\t<\/div>\n\t\t<div class=\"elementor-element elementor-element-1f473f2 e-con-full e-flex e-con e-child\" data-id=\"1f473f2\" data-element_type=\"container\" data-e-type=\"container\">\n\t\t\t\t<div class=\"elementor-element elementor-element-edbf86b elementor-widget elementor-widget-image\" data-id=\"edbf86b\" data-element_type=\"widget\" data-e-type=\"widget\" data-widget_type=\"image.default\">\n\t\t\t\t\t\t\t\t\t\t\t\t\t\t\t<img loading=\"lazy\" decoding=\"async\" width=\"300\" height=\"148\" src=\"https:\/\/aviacion.mil.ve\/wp-content\/uploads\/2026\/02\/GD-300x148.png\" class=\"attachment-medium size-medium wp-image-1193\" alt=\"\" srcset=\"https:\/\/aviacion.mil.ve\/wp-content\/uploads\/2026\/02\/GD-300x148.png 300w, https:\/\/aviacion.mil.ve\/wp-content\/uploads\/2026\/02\/GD.png 600w\" sizes=\"(max-width: 300px) 100vw, 300px\" \/>\t\t\t\t\t\t\t\t\t\t\t\t\t\t\t<\/div>\n\t\t\t\t<div class=\"elementor-element elementor-element-c216716 elementor-widget elementor-widget-heading\" data-id=\"c216716\" data-element_type=\"widget\" data-e-type=\"widget\" data-widget_type=\"heading.default\">\n\t\t\t\t\t<h2 class=\"elementor-heading-title elementor-size-default\">GD. LINO DE JES\u00daS BOL\u00cdVAR BLANCO\n<\/h2>\t\t\t\t<\/div>\n\t\t\t\t<div class=\"elementor-element elementor-element-c1987f1 elementor-widget elementor-widget-text-editor\" data-id=\"c1987f1\" data-element_type=\"widget\" data-e-type=\"widget\" data-widget_type=\"text-editor.default\">\n\t\t\t\t\t\t\t\t\t<h4 style=\"text-align: center;\">DIRECTOR DE TECNOLOG\u00cdA DE LA INFORMACI\u00d3N Y COMUNICACIONES DE LA AMB<\/h4>\t\t\t\t\t\t\t\t<\/div>\n\t\t\t\t<\/div>\n\t\t\t\t\t<\/div>\n\t\t\t\t<\/div>\n\t\t<div class=\"elementor-element elementor-element-5c1a97a e-con-full e-flex e-con e-parent\" data-id=\"5c1a97a\" data-element_type=\"container\" data-e-type=\"container\">\n\t\t\t\t<div class=\"elementor-element elementor-element-8168010 elementor-widget elementor-widget-image\" data-id=\"8168010\" data-element_type=\"widget\" data-e-type=\"widget\" data-widget_type=\"image.default\">\n\t\t\t\t\t\t\t\t\t\t\t\t\t\t\t<img loading=\"lazy\" decoding=\"async\" width=\"2560\" height=\"128\" src=\"https:\/\/aviacion.mil.ve\/wp-content\/uploads\/2026\/02\/FUNCIONES-scaled.png\" class=\"attachment-full size-full wp-image-1198\" alt=\"\" srcset=\"https:\/\/aviacion.mil.ve\/wp-content\/uploads\/2026\/02\/FUNCIONES-scaled.png 2560w, https:\/\/aviacion.mil.ve\/wp-content\/uploads\/2026\/02\/FUNCIONES-300x15.png 300w, https:\/\/aviacion.mil.ve\/wp-content\/uploads\/2026\/02\/FUNCIONES-1024x51.png 1024w, https:\/\/aviacion.mil.ve\/wp-content\/uploads\/2026\/02\/FUNCIONES-768x38.png 768w, https:\/\/aviacion.mil.ve\/wp-content\/uploads\/2026\/02\/FUNCIONES-1536x77.png 1536w, https:\/\/aviacion.mil.ve\/wp-content\/uploads\/2026\/02\/FUNCIONES-2048x102.png 2048w\" sizes=\"(max-width: 2560px) 100vw, 2560px\" \/>\t\t\t\t\t\t\t\t\t\t\t\t\t\t\t<\/div>\n\t\t\t\t<\/div>\n\t\t<div class=\"elementor-element elementor-element-276f44e e-flex e-con-boxed e-con e-parent\" data-id=\"276f44e\" data-element_type=\"container\" data-e-type=\"container\">\n\t\t\t\t\t<div class=\"e-con-inner\">\n\t\t<div class=\"elementor-element elementor-element-78d353b e-flex e-con-boxed e-con e-child\" data-id=\"78d353b\" data-element_type=\"container\" data-e-type=\"container\">\n\t\t\t\t\t<div class=\"e-con-inner\">\n\t\t<div class=\"elementor-element elementor-element-ee74b51 e-flex e-con-boxed e-con e-child\" data-id=\"ee74b51\" data-element_type=\"container\" data-e-type=\"container\">\n\t\t\t\t\t<div class=\"e-con-inner\">\n\t\t\t\t<div class=\"elementor-element elementor-element-76f9273 elementor-widget elementor-widget-image\" data-id=\"76f9273\" data-element_type=\"widget\" data-e-type=\"widget\" data-widget_type=\"image.default\">\n\t\t\t\t\t\t\t\t\t\t\t\t\t\t\t<img loading=\"lazy\" decoding=\"async\" width=\"300\" height=\"296\" src=\"https:\/\/aviacion.mil.ve\/wp-content\/uploads\/2026\/02\/ESCUDO-DIRTIC-300x296.png\" class=\"attachment-medium size-medium wp-image-1202\" alt=\"\" srcset=\"https:\/\/aviacion.mil.ve\/wp-content\/uploads\/2026\/02\/ESCUDO-DIRTIC-300x296.png 300w, https:\/\/aviacion.mil.ve\/wp-content\/uploads\/2026\/02\/ESCUDO-DIRTIC.png 600w\" sizes=\"(max-width: 300px) 100vw, 300px\" \/>\t\t\t\t\t\t\t\t\t\t\t\t\t\t\t<\/div>\n\t\t\t\t\t<\/div>\n\t\t\t\t<\/div>\n\t\t\t\t\t<\/div>\n\t\t\t\t<\/div>\n\t\t\t\t<div class=\"elementor-element elementor-element-c828a9d elementor-widget elementor-widget-text-editor\" data-id=\"c828a9d\" data-element_type=\"widget\" data-e-type=\"widget\" data-widget_type=\"text-editor.default\">\n\t\t\t\t\t\t\t\t\t<ol><li><h2 style=\"text-align: left;\">Asesorar e informar al Comandante General (COMGRAL) y al Alto Mando de la Aviaci\u00f3n Militar Bolivariana (AMB) en todo lo referente a la planificaci\u00f3n, formulaci\u00f3n, programaci\u00f3n, administraci\u00f3n y desarrollo de los proyectos, el funcionamiento, los elementos necesarios para mejorar y garantizar la seguridad, la supervisi\u00f3n y el desarrollo de acciones y contenidos en la ciberdefensa, en las \u00e1reas de TIC de la AMB.<\/h2><\/li><li style=\"text-align: left;\"><h2>Integrar y participar activamente en el Comit\u00e9 de Tecnolog\u00eda de la Fuerza Armada Nacional Bolivariana (FANB)<\/h2><\/li><li><h2 style=\"text-align: left;\">Asesorar al Comando Superior para establecer los procesos que aseguren la estandarizaci\u00f3n de los procedimientos, equipamiento, software, materiales e infraestructura, para garantizar la compatibilidad, interoperatividad e interconexi\u00f3n de las plataformas TIC en la AMB y las que se integran a las de la FANB<\/h2><\/li><\/ol>\t\t\t\t\t\t\t\t<\/div>\n\t\t\t\t\t<\/div>\n\t\t\t\t<\/div>\n\t\t<div class=\"elementor-element elementor-element-0669020 e-con-full e-flex e-con e-parent\" data-id=\"0669020\" data-element_type=\"container\" data-e-type=\"container\">\n\t\t\t\t<div class=\"elementor-element elementor-element-10dc358 elementor-widget elementor-widget-image\" data-id=\"10dc358\" data-element_type=\"widget\" data-e-type=\"widget\" data-widget_type=\"image.default\">\n\t\t\t\t\t\t\t\t\t\t\t\t\t\t\t<img loading=\"lazy\" decoding=\"async\" width=\"2560\" height=\"128\" src=\"https:\/\/aviacion.mil.ve\/wp-content\/uploads\/2026\/02\/mision-scaled.jpg\" class=\"attachment-full size-full wp-image-967\" alt=\"\" srcset=\"https:\/\/aviacion.mil.ve\/wp-content\/uploads\/2026\/02\/mision-scaled.jpg 2560w, https:\/\/aviacion.mil.ve\/wp-content\/uploads\/2026\/02\/mision-300x15.jpg 300w, https:\/\/aviacion.mil.ve\/wp-content\/uploads\/2026\/02\/mision-1024x51.jpg 1024w, https:\/\/aviacion.mil.ve\/wp-content\/uploads\/2026\/02\/mision-768x38.jpg 768w, https:\/\/aviacion.mil.ve\/wp-content\/uploads\/2026\/02\/mision-1536x77.jpg 1536w, https:\/\/aviacion.mil.ve\/wp-content\/uploads\/2026\/02\/mision-2048x102.jpg 2048w\" sizes=\"(max-width: 2560px) 100vw, 2560px\" \/>\t\t\t\t\t\t\t\t\t\t\t\t\t\t\t<\/div>\n\t\t\t\t<\/div>\n\t\t<div class=\"elementor-element elementor-element-6bfcc3b e-flex e-con-boxed e-con e-parent\" data-id=\"6bfcc3b\" data-element_type=\"container\" data-e-type=\"container\">\n\t\t\t\t\t<div class=\"e-con-inner\">\n\t\t<div class=\"elementor-element elementor-element-8570845 e-flex e-con-boxed e-con e-child\" data-id=\"8570845\" data-element_type=\"container\" data-e-type=\"container\">\n\t\t\t\t\t<div class=\"e-con-inner\">\n\t\t<div class=\"elementor-element elementor-element-f463625 e-flex e-con-boxed e-con e-child\" data-id=\"f463625\" data-element_type=\"container\" data-e-type=\"container\">\n\t\t\t\t\t<div class=\"e-con-inner\">\n\t\t\t\t<div class=\"elementor-element elementor-element-0004232 elementor-widget elementor-widget-image\" data-id=\"0004232\" data-element_type=\"widget\" data-e-type=\"widget\" data-widget_type=\"image.default\">\n\t\t\t\t\t\t\t\t\t\t\t\t\t\t\t<img loading=\"lazy\" decoding=\"async\" width=\"212\" height=\"300\" src=\"https:\/\/aviacion.mil.ve\/wp-content\/uploads\/2026\/02\/WhatsApp-Image-2025-11-06-at-6.51.59-PM-1-212x300.jpeg\" class=\"attachment-medium size-medium wp-image-681\" alt=\"\" srcset=\"https:\/\/aviacion.mil.ve\/wp-content\/uploads\/2026\/02\/WhatsApp-Image-2025-11-06-at-6.51.59-PM-1-212x300.jpeg 212w, https:\/\/aviacion.mil.ve\/wp-content\/uploads\/2026\/02\/WhatsApp-Image-2025-11-06-at-6.51.59-PM-1.jpeg 724w\" sizes=\"(max-width: 212px) 100vw, 212px\" \/>\t\t\t\t\t\t\t\t\t\t\t\t\t\t\t<\/div>\n\t\t\t\t\t<\/div>\n\t\t\t\t<\/div>\n\t\t\t\t\t<\/div>\n\t\t\t\t<\/div>\n\t\t\t\t<div class=\"elementor-element elementor-element-4e4d617 elementor-widget elementor-widget-text-editor\" data-id=\"4e4d617\" data-element_type=\"widget\" data-e-type=\"widget\" data-widget_type=\"text-editor.default\">\n\t\t\t\t\t\t\t\t\t<h2>Planificar, organizar, investigar, administrar, controlar, desarrollar, mantener, automatizar, sistematizar y proteger las tecnolog\u00edas de la informaci\u00f3n y comunicaciones\u00a0 (TIC) de la Aviaci\u00f3n Militar Bolivariana, a fin de garantizar los requerimientos de informaci\u00f3n necesario para el cumplimiento de las actividades operacionales, log\u00edsticas y administrativas para coadyuvar a asegurar la Defensa\u00a0 Integral de Naci\u00f3n, a trav\u00e9s del Empleo del Poder Aeroespacial.<\/h2>\t\t\t\t\t\t\t\t<\/div>\n\t\t\t\t\t<\/div>\n\t\t\t\t<\/div>\n\t\t\t\t<\/div>\n\t\t","protected":false},"excerpt":{"rendered":"<p>GD. LINO DE JES\u00daS BOL\u00cdVAR BLANCO DIRECTOR DE TECNOLOG\u00cdA DE LA INFORMACI\u00d3N Y COMUNICACIONES DE LA AMB Asesorar e informar [&hellip;]<\/p>\n","protected":false},"author":1,"featured_media":0,"parent":0,"menu_order":0,"comment_status":"closed","ping_status":"closed","template":"","meta":{"site-sidebar-layout":"no-sidebar","site-content-layout":"","ast-site-content-layout":"full-width-container","site-content-style":"default","site-sidebar-style":"default","ast-global-header-display":"","ast-banner-title-visibility":"","ast-main-header-display":"","ast-hfb-above-header-display":"","ast-hfb-below-header-display":"","ast-hfb-mobile-header-display":"","site-post-title":"disabled","ast-breadcrumbs-content":"","ast-featured-img":"disabled","footer-sml-layout":"","ast-disable-related-posts":"","theme-transparent-header-meta":"","adv-header-id-meta":"","stick-header-meta":"","header-above-stick-meta":"","header-main-stick-meta":"","header-below-stick-meta":"","astra-migrate-meta-layouts":"default","ast-page-background-enabled":"default","ast-page-background-meta":{"desktop":{"background-color":"var(--ast-global-color-5)","background-image":"","background-repeat":"repeat","background-position":"center center","background-size":"auto","background-attachment":"scroll","background-type":"","background-media":"","overlay-type":"","overlay-color":"","overlay-opacity":"","overlay-gradient":""},"tablet":{"background-color":"","background-image":"","background-repeat":"repeat","background-position":"center center","background-size":"auto","background-attachment":"scroll","background-type":"","background-media":"","overlay-type":"","overlay-color":"","overlay-opacity":"","overlay-gradient":""},"mobile":{"background-color":"","background-image":"","background-repeat":"repeat","background-position":"center center","background-size":"auto","background-attachment":"scroll","background-type":"","background-media":"","overlay-type":"","overlay-color":"","overlay-opacity":"","overlay-gradient":""}},"ast-content-background-meta":{"desktop":{"background-color":"var(--ast-global-color-4)","background-image":"","background-repeat":"repeat","background-position":"center center","background-size":"auto","background-attachment":"scroll","background-type":"","background-media":"","overlay-type":"","overlay-color":"","overlay-opacity":"","overlay-gradient":""},"tablet":{"background-color":"var(--ast-global-color-4)","background-image":"","background-repeat":"repeat","background-position":"center center","background-size":"auto","background-attachment":"scroll","background-type":"","background-media":"","overlay-type":"","overlay-color":"","overlay-opacity":"","overlay-gradient":""},"mobile":{"background-color":"var(--ast-global-color-4)","background-image":"","background-repeat":"repeat","background-position":"center center","background-size":"auto","background-attachment":"scroll","background-type":"","background-media":"","overlay-type":"","overlay-color":"","overlay-opacity":"","overlay-gradient":""}},"_themeisle_gutenberg_block_has_review":false,"footnotes":""},"class_list":["post-1108","page","type-page","status-publish","hentry"],"_links":{"self":[{"href":"https:\/\/aviacion.mil.ve\/index.php\/wp-json\/wp\/v2\/pages\/1108","targetHints":{"allow":["GET"]}}],"collection":[{"href":"https:\/\/aviacion.mil.ve\/index.php\/wp-json\/wp\/v2\/pages"}],"about":[{"href":"https:\/\/aviacion.mil.ve\/index.php\/wp-json\/wp\/v2\/types\/page"}],"author":[{"embeddable":true,"href":"https:\/\/aviacion.mil.ve\/index.php\/wp-json\/wp\/v2\/users\/1"}],"replies":[{"embeddable":true,"href":"https:\/\/aviacion.mil.ve\/index.php\/wp-json\/wp\/v2\/comments?post=1108"}],"version-history":[{"count":46,"href":"https:\/\/aviacion.mil.ve\/index.php\/wp-json\/wp\/v2\/pages\/1108\/revisions"}],"predecessor-version":[{"id":2031,"href":"https:\/\/aviacion.mil.ve\/index.php\/wp-json\/wp\/v2\/pages\/1108\/revisions\/2031"}],"wp:attachment":[{"href":"https:\/\/aviacion.mil.ve\/index.php\/wp-json\/wp\/v2\/media?parent=1108"}],"curies":[{"name":"wp","href":"https:\/\/api.w.org\/{rel}","templated":true}]}}