{"id":1296,"date":"2026-02-26T15:45:01","date_gmt":"2026-02-26T15:45:01","guid":{"rendered":"https:\/\/aviacion.mil.ve\/?page_id=1296"},"modified":"2026-04-16T12:47:34","modified_gmt":"2026-04-16T12:47:34","slug":"comgral","status":"publish","type":"page","link":"https:\/\/aviacion.mil.ve\/index.php\/comgral\/","title":{"rendered":"COMGRAL"},"content":{"rendered":"\t\t<div data-elementor-type=\"wp-page\" data-elementor-id=\"1296\" class=\"elementor elementor-1296\" data-elementor-post-type=\"page\">\n\t\t\t\t<div class=\"elementor-element elementor-element-d702586 e-con-full e-flex e-con e-parent\" data-id=\"d702586\" data-element_type=\"container\" data-e-type=\"container\">\n\t\t<div class=\"elementor-element elementor-element-1b8c8c3 e-con-full e-flex e-con e-child\" data-id=\"1b8c8c3\" data-element_type=\"container\" data-e-type=\"container\">\n\t\t\t\t<div class=\"elementor-element elementor-element-314a6a8 elementor-widget elementor-widget-image\" data-id=\"314a6a8\" data-element_type=\"widget\" data-e-type=\"widget\" data-widget_type=\"image.default\">\n\t\t\t\t\t\t\t\t\t\t\t\t\t\t\t<img fetchpriority=\"high\" decoding=\"async\" width=\"1497\" height=\"267\" src=\"https:\/\/aviacion.mil.ve\/wp-content\/uploads\/2026\/02\/cropped-cropped-cropped-WhatsApp-Image-2025-11-26-at-8.22.02-PM.jpeg\" class=\"attachment-full size-full wp-image-94\" alt=\"\" srcset=\"https:\/\/aviacion.mil.ve\/wp-content\/uploads\/2026\/02\/cropped-cropped-cropped-WhatsApp-Image-2025-11-26-at-8.22.02-PM.jpeg 1497w, https:\/\/aviacion.mil.ve\/wp-content\/uploads\/2026\/02\/cropped-cropped-cropped-WhatsApp-Image-2025-11-26-at-8.22.02-PM-300x54.jpeg 300w, https:\/\/aviacion.mil.ve\/wp-content\/uploads\/2026\/02\/cropped-cropped-cropped-WhatsApp-Image-2025-11-26-at-8.22.02-PM-1024x183.jpeg 1024w, https:\/\/aviacion.mil.ve\/wp-content\/uploads\/2026\/02\/cropped-cropped-cropped-WhatsApp-Image-2025-11-26-at-8.22.02-PM-768x137.jpeg 768w\" sizes=\"(max-width: 1497px) 100vw, 1497px\" \/>\t\t\t\t\t\t\t\t\t\t\t\t\t\t\t<\/div>\n\t\t\t\t<\/div>\n\t\t\t\t<\/div>\n\t\t<div class=\"elementor-element elementor-element-b20a7b9 e-con-full e-flex e-con e-parent\" data-id=\"b20a7b9\" data-element_type=\"container\" data-e-type=\"container\">\n\t\t\t\t<div class=\"elementor-element elementor-element-0b907aa elementor-widget elementor-widget-image\" data-id=\"0b907aa\" data-element_type=\"widget\" data-e-type=\"widget\" data-widget_type=\"image.default\">\n\t\t\t\t\t\t\t\t\t\t\t\t\t\t\t<img decoding=\"async\" width=\"2560\" height=\"128\" src=\"https:\/\/aviacion.mil.ve\/wp-content\/uploads\/2026\/03\/comandante-general-scaled.png\" class=\"attachment-full size-full wp-image-1468\" alt=\"\" srcset=\"https:\/\/aviacion.mil.ve\/wp-content\/uploads\/2026\/03\/comandante-general-scaled.png 2560w, https:\/\/aviacion.mil.ve\/wp-content\/uploads\/2026\/03\/comandante-general-300x15.png 300w, https:\/\/aviacion.mil.ve\/wp-content\/uploads\/2026\/03\/comandante-general-1024x51.png 1024w, https:\/\/aviacion.mil.ve\/wp-content\/uploads\/2026\/03\/comandante-general-768x38.png 768w, https:\/\/aviacion.mil.ve\/wp-content\/uploads\/2026\/03\/comandante-general-1536x77.png 1536w, https:\/\/aviacion.mil.ve\/wp-content\/uploads\/2026\/03\/comandante-general-2048x102.png 2048w\" sizes=\"(max-width: 2560px) 100vw, 2560px\" \/>\t\t\t\t\t\t\t\t\t\t\t\t\t\t\t<\/div>\n\t\t\t\t<\/div>\n\t\t<div class=\"elementor-element elementor-element-3e710ee e-flex e-con-boxed e-con e-parent\" data-id=\"3e710ee\" data-element_type=\"container\" data-e-type=\"container\">\n\t\t\t\t\t<div class=\"e-con-inner\">\n\t\t<div class=\"elementor-element elementor-element-f12b56b e-con-full e-flex e-con e-child\" data-id=\"f12b56b\" data-element_type=\"container\" data-e-type=\"container\">\n\t\t<div class=\"elementor-element elementor-element-a781bcb e-con-full e-flex e-con e-child\" data-id=\"a781bcb\" data-element_type=\"container\" data-e-type=\"container\">\n\t\t\t\t<div class=\"elementor-element elementor-element-890c0a0 elementor-widget elementor-widget-image\" data-id=\"890c0a0\" data-element_type=\"widget\" data-e-type=\"widget\" data-widget_type=\"image.default\">\n\t\t\t\t\t\t\t\t\t\t\t\t\t\t\t<img decoding=\"async\" width=\"200\" height=\"300\" src=\"https:\/\/aviacion.mil.ve\/wp-content\/uploads\/2026\/04\/5118872281600953359-200x300.jpg\" class=\"attachment-medium size-medium wp-image-1991\" alt=\"\" srcset=\"https:\/\/aviacion.mil.ve\/wp-content\/uploads\/2026\/04\/5118872281600953359-200x300.jpg 200w, https:\/\/aviacion.mil.ve\/wp-content\/uploads\/2026\/04\/5118872281600953359-682x1024.jpg 682w, https:\/\/aviacion.mil.ve\/wp-content\/uploads\/2026\/04\/5118872281600953359-768x1152.jpg 768w, https:\/\/aviacion.mil.ve\/wp-content\/uploads\/2026\/04\/5118872281600953359-1024x1536.jpg 1024w, https:\/\/aviacion.mil.ve\/wp-content\/uploads\/2026\/04\/5118872281600953359.jpg 1181w\" sizes=\"(max-width: 200px) 100vw, 200px\" \/>\t\t\t\t\t\t\t\t\t\t\t\t\t\t\t<\/div>\n\t\t\t\t<\/div>\n\t\t\t\t<\/div>\n\t\t<div class=\"elementor-element elementor-element-1f473f2 e-con-full e-flex e-con e-child\" data-id=\"1f473f2\" data-element_type=\"container\" data-e-type=\"container\">\n\t\t\t\t<div class=\"elementor-element elementor-element-edbf86b elementor-widget elementor-widget-image\" data-id=\"edbf86b\" data-element_type=\"widget\" data-e-type=\"widget\" data-widget_type=\"image.default\">\n\t\t\t\t\t\t\t\t\t\t\t\t\t\t\t<img loading=\"lazy\" decoding=\"async\" width=\"300\" height=\"148\" src=\"https:\/\/aviacion.mil.ve\/wp-content\/uploads\/2026\/02\/soles-300x148.png\" class=\"attachment-medium size-medium wp-image-991\" alt=\"\" srcset=\"https:\/\/aviacion.mil.ve\/wp-content\/uploads\/2026\/02\/soles-300x148.png 300w, https:\/\/aviacion.mil.ve\/wp-content\/uploads\/2026\/02\/soles.png 600w\" sizes=\"(max-width: 300px) 100vw, 300px\" \/>\t\t\t\t\t\t\t\t\t\t\t\t\t\t\t<\/div>\n\t\t\t\t<div class=\"elementor-element elementor-element-c216716 elementor-widget elementor-widget-heading\" data-id=\"c216716\" data-element_type=\"widget\" data-e-type=\"widget\" data-widget_type=\"heading.default\">\n\t\t\t\t\t<h2 class=\"elementor-heading-title elementor-size-default\">MG. ROYMAN ANTONIO HERN\u00c1NDEZ BRICE\u00d1O\n<\/h2>\t\t\t\t<\/div>\n\t\t\t\t<div class=\"elementor-element elementor-element-c1987f1 elementor-widget elementor-widget-text-editor\" data-id=\"c1987f1\" data-element_type=\"widget\" data-e-type=\"widget\" data-widget_type=\"text-editor.default\">\n\t\t\t\t\t\t\t\t\t<h4 style=\"text-align: center;\">COMANDANTE GENERAL DE LA AMB<\/h4>\t\t\t\t\t\t\t\t<\/div>\n\t\t\t\t<\/div>\n\t\t\t\t\t<\/div>\n\t\t\t\t<\/div>\n\t\t<div class=\"elementor-element elementor-element-5c1a97a e-con-full e-flex e-con e-parent\" data-id=\"5c1a97a\" data-element_type=\"container\" data-e-type=\"container\">\n\t\t\t\t<div class=\"elementor-element elementor-element-9a0a939 elementor-widget elementor-widget-image\" data-id=\"9a0a939\" data-element_type=\"widget\" data-e-type=\"widget\" data-widget_type=\"image.default\">\n\t\t\t\t\t\t\t\t\t\t\t\t\t\t\t<img loading=\"lazy\" decoding=\"async\" width=\"2560\" height=\"128\" src=\"https:\/\/aviacion.mil.ve\/wp-content\/uploads\/2026\/02\/FUNCIONES-scaled.png\" class=\"attachment-full size-full wp-image-1198\" alt=\"\" srcset=\"https:\/\/aviacion.mil.ve\/wp-content\/uploads\/2026\/02\/FUNCIONES-scaled.png 2560w, https:\/\/aviacion.mil.ve\/wp-content\/uploads\/2026\/02\/FUNCIONES-300x15.png 300w, https:\/\/aviacion.mil.ve\/wp-content\/uploads\/2026\/02\/FUNCIONES-1024x51.png 1024w, https:\/\/aviacion.mil.ve\/wp-content\/uploads\/2026\/02\/FUNCIONES-768x38.png 768w, https:\/\/aviacion.mil.ve\/wp-content\/uploads\/2026\/02\/FUNCIONES-1536x77.png 1536w, https:\/\/aviacion.mil.ve\/wp-content\/uploads\/2026\/02\/FUNCIONES-2048x102.png 2048w\" sizes=\"(max-width: 2560px) 100vw, 2560px\" \/>\t\t\t\t\t\t\t\t\t\t\t\t\t\t\t<\/div>\n\t\t\t\t<\/div>\n\t\t<div class=\"elementor-element elementor-element-276f44e e-flex e-con-boxed e-con e-parent\" data-id=\"276f44e\" data-element_type=\"container\" data-e-type=\"container\">\n\t\t\t\t\t<div class=\"e-con-inner\">\n\t\t<div class=\"elementor-element elementor-element-78d353b e-flex e-con-boxed e-con e-child\" data-id=\"78d353b\" data-element_type=\"container\" data-e-type=\"container\">\n\t\t\t\t\t<div class=\"e-con-inner\">\n\t\t<div class=\"elementor-element elementor-element-ee74b51 e-flex e-con-boxed e-con e-child\" data-id=\"ee74b51\" data-element_type=\"container\" data-e-type=\"container\">\n\t\t\t\t\t<div class=\"e-con-inner\">\n\t\t\t\t<div class=\"elementor-element elementor-element-76f9273 elementor-widget elementor-widget-image\" data-id=\"76f9273\" data-element_type=\"widget\" data-e-type=\"widget\" data-widget_type=\"image.default\">\n\t\t\t\t\t\t\t\t\t\t\t\t\t\t\t<img loading=\"lazy\" decoding=\"async\" width=\"194\" height=\"218\" src=\"https:\/\/aviacion.mil.ve\/wp-content\/uploads\/2026\/02\/escudo-del-congral-sin-fondo.png\" class=\"attachment-medium size-medium wp-image-1299\" alt=\"\" \/>\t\t\t\t\t\t\t\t\t\t\t\t\t\t\t<\/div>\n\t\t\t\t\t<\/div>\n\t\t\t\t<\/div>\n\t\t\t\t\t<\/div>\n\t\t\t\t<\/div>\n\t\t\t\t<div class=\"elementor-element elementor-element-c828a9d elementor-widget elementor-widget-text-editor\" data-id=\"c828a9d\" data-element_type=\"widget\" data-e-type=\"widget\" data-widget_type=\"text-editor.default\">\n\t\t\t\t\t\t\t\t\t<h2>Es el \u00f3rgano superior de mando de la Aviaci\u00f3n Militar Bolivariana. Su titular es el Comandante General de la Aviaci\u00f3n, quien tiene como misi\u00f3n: \u201cDirigir y supervisar todas las funciones de la Aviaci\u00f3n a fin de dar cumplimiento a la misi\u00f3n asignada por las Leyes de la Rep\u00fablica\u201d.<\/h2>\t\t\t\t\t\t\t\t<\/div>\n\t\t\t\t\t<\/div>\n\t\t\t\t<\/div>\n\t\t<div class=\"elementor-element elementor-element-0669020 e-con-full e-flex e-con e-parent\" data-id=\"0669020\" data-element_type=\"container\" data-e-type=\"container\">\n\t\t\t\t<div class=\"elementor-element elementor-element-10dc358 elementor-widget elementor-widget-image\" data-id=\"10dc358\" data-element_type=\"widget\" data-e-type=\"widget\" data-widget_type=\"image.default\">\n\t\t\t\t\t\t\t\t\t\t\t\t\t\t\t<img loading=\"lazy\" decoding=\"async\" width=\"2560\" height=\"128\" src=\"https:\/\/aviacion.mil.ve\/wp-content\/uploads\/2026\/02\/mision-scaled.jpg\" class=\"attachment-full size-full wp-image-967\" alt=\"\" srcset=\"https:\/\/aviacion.mil.ve\/wp-content\/uploads\/2026\/02\/mision-scaled.jpg 2560w, https:\/\/aviacion.mil.ve\/wp-content\/uploads\/2026\/02\/mision-300x15.jpg 300w, https:\/\/aviacion.mil.ve\/wp-content\/uploads\/2026\/02\/mision-1024x51.jpg 1024w, https:\/\/aviacion.mil.ve\/wp-content\/uploads\/2026\/02\/mision-768x38.jpg 768w, https:\/\/aviacion.mil.ve\/wp-content\/uploads\/2026\/02\/mision-1536x77.jpg 1536w, https:\/\/aviacion.mil.ve\/wp-content\/uploads\/2026\/02\/mision-2048x102.jpg 2048w\" sizes=\"(max-width: 2560px) 100vw, 2560px\" \/>\t\t\t\t\t\t\t\t\t\t\t\t\t\t\t<\/div>\n\t\t\t\t<\/div>\n\t\t<div class=\"elementor-element elementor-element-6bfcc3b e-flex e-con-boxed e-con e-parent\" data-id=\"6bfcc3b\" data-element_type=\"container\" data-e-type=\"container\">\n\t\t\t\t\t<div class=\"e-con-inner\">\n\t\t<div class=\"elementor-element elementor-element-8570845 e-flex e-con-boxed e-con e-child\" data-id=\"8570845\" data-element_type=\"container\" data-e-type=\"container\">\n\t\t\t\t\t<div class=\"e-con-inner\">\n\t\t<div class=\"elementor-element elementor-element-f463625 e-flex e-con-boxed e-con e-child\" data-id=\"f463625\" data-element_type=\"container\" data-e-type=\"container\">\n\t\t\t\t\t<div class=\"e-con-inner\">\n\t\t\t\t<div class=\"elementor-element elementor-element-0004232 elementor-widget elementor-widget-image\" data-id=\"0004232\" data-element_type=\"widget\" data-e-type=\"widget\" data-widget_type=\"image.default\">\n\t\t\t\t\t\t\t\t\t\t\t\t\t\t\t<img loading=\"lazy\" decoding=\"async\" width=\"212\" height=\"300\" src=\"https:\/\/aviacion.mil.ve\/wp-content\/uploads\/2026\/02\/WhatsApp-Image-2025-11-06-at-6.51.59-PM-1-212x300.jpeg\" class=\"attachment-medium size-medium wp-image-681\" alt=\"\" srcset=\"https:\/\/aviacion.mil.ve\/wp-content\/uploads\/2026\/02\/WhatsApp-Image-2025-11-06-at-6.51.59-PM-1-212x300.jpeg 212w, https:\/\/aviacion.mil.ve\/wp-content\/uploads\/2026\/02\/WhatsApp-Image-2025-11-06-at-6.51.59-PM-1.jpeg 724w\" sizes=\"(max-width: 212px) 100vw, 212px\" \/>\t\t\t\t\t\t\t\t\t\t\t\t\t\t\t<\/div>\n\t\t\t\t\t<\/div>\n\t\t\t\t<\/div>\n\t\t\t\t\t<\/div>\n\t\t\t\t<\/div>\n\t\t\t\t<div class=\"elementor-element elementor-element-4e4d617 elementor-widget elementor-widget-text-editor\" data-id=\"4e4d617\" data-element_type=\"widget\" data-e-type=\"widget\" data-widget_type=\"text-editor.default\">\n\t\t\t\t\t\t\t\t\t<h2>Asegurar la defensa de la naci\u00f3n por medio del dominio del espacio a\u00e9reo. constribuir al mantenimiento del orden interno y participar activamente en el desarrollo del pa\u00eds , empleando el poder a\u00e9reo nacional para garantizar la integridad territorial , la independencia y la soberan\u00eda de la naci\u00f3n.\u00a0<\/h2>\t\t\t\t\t\t\t\t<\/div>\n\t\t\t\t\t<\/div>\n\t\t\t\t<\/div>\n\t\t\t\t<\/div>\n\t\t","protected":false},"excerpt":{"rendered":"<p>MG. ROYMAN ANTONIO HERN\u00c1NDEZ BRICE\u00d1O COMANDANTE GENERAL DE LA AMB Es el \u00f3rgano superior de mando de la Aviaci\u00f3n Militar [&hellip;]<\/p>\n","protected":false},"author":1,"featured_media":0,"parent":0,"menu_order":0,"comment_status":"closed","ping_status":"closed","template":"","meta":{"site-sidebar-layout":"no-sidebar","site-content-layout":"","ast-site-content-layout":"full-width-container","site-content-style":"default","site-sidebar-style":"default","ast-global-header-display":"","ast-banner-title-visibility":"","ast-main-header-display":"","ast-hfb-above-header-display":"","ast-hfb-below-header-display":"","ast-hfb-mobile-header-display":"","site-post-title":"disabled","ast-breadcrumbs-content":"","ast-featured-img":"disabled","footer-sml-layout":"","ast-disable-related-posts":"","theme-transparent-header-meta":"","adv-header-id-meta":"","stick-header-meta":"","header-above-stick-meta":"","header-main-stick-meta":"","header-below-stick-meta":"","astra-migrate-meta-layouts":"default","ast-page-background-enabled":"default","ast-page-background-meta":{"desktop":{"background-color":"var(--ast-global-color-5)","background-image":"","background-repeat":"repeat","background-position":"center center","background-size":"auto","background-attachment":"scroll","background-type":"","background-media":"","overlay-type":"","overlay-color":"","overlay-opacity":"","overlay-gradient":""},"tablet":{"background-color":"","background-image":"","background-repeat":"repeat","background-position":"center center","background-size":"auto","background-attachment":"scroll","background-type":"","background-media":"","overlay-type":"","overlay-color":"","overlay-opacity":"","overlay-gradient":""},"mobile":{"background-color":"","background-image":"","background-repeat":"repeat","background-position":"center center","background-size":"auto","background-attachment":"scroll","background-type":"","background-media":"","overlay-type":"","overlay-color":"","overlay-opacity":"","overlay-gradient":""}},"ast-content-background-meta":{"desktop":{"background-color":"var(--ast-global-color-4)","background-image":"","background-repeat":"repeat","background-position":"center center","background-size":"auto","background-attachment":"scroll","background-type":"","background-media":"","overlay-type":"","overlay-color":"","overlay-opacity":"","overlay-gradient":""},"tablet":{"background-color":"var(--ast-global-color-4)","background-image":"","background-repeat":"repeat","background-position":"center center","background-size":"auto","background-attachment":"scroll","background-type":"","background-media":"","overlay-type":"","overlay-color":"","overlay-opacity":"","overlay-gradient":""},"mobile":{"background-color":"var(--ast-global-color-4)","background-image":"","background-repeat":"repeat","background-position":"center center","background-size":"auto","background-attachment":"scroll","background-type":"","background-media":"","overlay-type":"","overlay-color":"","overlay-opacity":"","overlay-gradient":""}},"_themeisle_gutenberg_block_has_review":false,"footnotes":""},"class_list":["post-1296","page","type-page","status-publish","hentry"],"_links":{"self":[{"href":"https:\/\/aviacion.mil.ve\/index.php\/wp-json\/wp\/v2\/pages\/1296","targetHints":{"allow":["GET"]}}],"collection":[{"href":"https:\/\/aviacion.mil.ve\/index.php\/wp-json\/wp\/v2\/pages"}],"about":[{"href":"https:\/\/aviacion.mil.ve\/index.php\/wp-json\/wp\/v2\/types\/page"}],"author":[{"embeddable":true,"href":"https:\/\/aviacion.mil.ve\/index.php\/wp-json\/wp\/v2\/users\/1"}],"replies":[{"embeddable":true,"href":"https:\/\/aviacion.mil.ve\/index.php\/wp-json\/wp\/v2\/comments?post=1296"}],"version-history":[{"count":25,"href":"https:\/\/aviacion.mil.ve\/index.php\/wp-json\/wp\/v2\/pages\/1296\/revisions"}],"predecessor-version":[{"id":1997,"href":"https:\/\/aviacion.mil.ve\/index.php\/wp-json\/wp\/v2\/pages\/1296\/revisions\/1997"}],"wp:attachment":[{"href":"https:\/\/aviacion.mil.ve\/index.php\/wp-json\/wp\/v2\/media?parent=1296"}],"curies":[{"name":"wp","href":"https:\/\/api.w.org\/{rel}","templated":true}]}}