{"id":1625,"date":"2026-03-10T12:41:48","date_gmt":"2026-03-10T12:41:48","guid":{"rendered":"https:\/\/aviacion.mil.ve\/?page_id=1625"},"modified":"2026-08-31T18:01:25","modified_gmt":"2026-08-31T18:01:25","slug":"dd-hh","status":"publish","type":"page","link":"https:\/\/aviacion.mil.ve\/index.php\/dd-hh\/","title":{"rendered":"DD.HH Y DIH LIBROS"},"content":{"rendered":"\t\t<div data-elementor-type=\"wp-page\" data-elementor-id=\"1625\" class=\"elementor elementor-1625\" data-elementor-post-type=\"page\">\n\t\t\t\t<div class=\"elementor-element elementor-element-d702586 e-con-full e-flex e-con e-parent\" data-id=\"d702586\" data-element_type=\"container\" data-e-type=\"container\">\n\t\t<div class=\"elementor-element elementor-element-1b8c8c3 e-con-full e-flex e-con e-child\" data-id=\"1b8c8c3\" data-element_type=\"container\" data-e-type=\"container\">\n\t\t\t\t<div class=\"elementor-element elementor-element-314a6a8 elementor-widget elementor-widget-image\" data-id=\"314a6a8\" data-element_type=\"widget\" data-e-type=\"widget\" data-widget_type=\"image.default\">\n\t\t\t\t\t\t\t\t\t\t\t\t\t\t\t<img fetchpriority=\"high\" decoding=\"async\" width=\"1497\" height=\"267\" src=\"https:\/\/aviacion.mil.ve\/wp-content\/uploads\/2026\/02\/cropped-cropped-cropped-WhatsApp-Image-2025-11-26-at-8.22.02-PM.jpeg\" class=\"attachment-full size-full wp-image-94\" alt=\"\" srcset=\"https:\/\/aviacion.mil.ve\/wp-content\/uploads\/2026\/02\/cropped-cropped-cropped-WhatsApp-Image-2025-11-26-at-8.22.02-PM.jpeg 1497w, https:\/\/aviacion.mil.ve\/wp-content\/uploads\/2026\/02\/cropped-cropped-cropped-WhatsApp-Image-2025-11-26-at-8.22.02-PM-300x54.jpeg 300w, https:\/\/aviacion.mil.ve\/wp-content\/uploads\/2026\/02\/cropped-cropped-cropped-WhatsApp-Image-2025-11-26-at-8.22.02-PM-1024x183.jpeg 1024w, https:\/\/aviacion.mil.ve\/wp-content\/uploads\/2026\/02\/cropped-cropped-cropped-WhatsApp-Image-2025-11-26-at-8.22.02-PM-768x137.jpeg 768w\" sizes=\"(max-width: 1497px) 100vw, 1497px\" \/>\t\t\t\t\t\t\t\t\t\t\t\t\t\t\t<\/div>\n\t\t\t\t<\/div>\n\t\t\t\t<\/div>\n\t\t<div class=\"elementor-element elementor-element-77f940c e-con-full e-flex e-con e-parent\" data-id=\"77f940c\" data-element_type=\"container\" data-e-type=\"container\" data-settings=\"{&quot;background_background&quot;:&quot;gradient&quot;}\">\n\t\t\t\t<div class=\"elementor-element elementor-element-5b94663 elementor-widget elementor-widget-image\" data-id=\"5b94663\" data-element_type=\"widget\" data-e-type=\"widget\" data-widget_type=\"image.default\">\n\t\t\t\t\t\t\t\t\t\t\t\t\t\t\t<img decoding=\"async\" width=\"1024\" height=\"51\" src=\"https:\/\/aviacion.mil.ve\/wp-content\/uploads\/2026\/06\/derechos-h-1024x51.png\" class=\"attachment-large size-large wp-image-2346\" alt=\"\" srcset=\"https:\/\/aviacion.mil.ve\/wp-content\/uploads\/2026\/06\/derechos-h-1024x51.png 1024w, https:\/\/aviacion.mil.ve\/wp-content\/uploads\/2026\/06\/derechos-h-300x15.png 300w, https:\/\/aviacion.mil.ve\/wp-content\/uploads\/2026\/06\/derechos-h-768x38.png 768w, https:\/\/aviacion.mil.ve\/wp-content\/uploads\/2026\/06\/derechos-h-1536x77.png 1536w, https:\/\/aviacion.mil.ve\/wp-content\/uploads\/2026\/06\/derechos-h-2048x102.png 2048w\" sizes=\"(max-width: 1024px) 100vw, 1024px\" \/>\t\t\t\t\t\t\t\t\t\t\t\t\t\t\t<\/div>\n\t\t\t\t<\/div>\n\t\t<div class=\"elementor-element elementor-element-215fc2e e-con-full e-flex e-con e-parent\" data-id=\"215fc2e\" data-element_type=\"container\" data-e-type=\"container\">\n\t\t<div class=\"elementor-element elementor-element-e97bc1a e-con-full e-flex e-con e-child\" data-id=\"e97bc1a\" data-element_type=\"container\" data-e-type=\"container\">\n\t\t\t\t<div class=\"elementor-element elementor-element-5fc7817 elementor-position-top elementor-widget elementor-widget-image-box\" data-id=\"5fc7817\" data-element_type=\"widget\" data-e-type=\"widget\" data-widget_type=\"image-box.default\">\n\t\t\t\t\t<div class=\"elementor-image-box-wrapper\"><figure class=\"elementor-image-box-img\"><a href=\"https:\/\/aviacion.mil.ve\/wp-content\/uploads\/2026\/07\/VENEZUELA-CERO-RACISMO-GUIA-RAPIDA-PARA-ENFRENTAR-EL-RACISMO-Y-LA-DISCRIMINACION-RACIAL.pdf\" target=\"_blank\" tabindex=\"-1\"><img decoding=\"async\" width=\"853\" height=\"1280\" src=\"https:\/\/aviacion.mil.ve\/wp-content\/uploads\/2026\/06\/5008532587491822883.jpg\" class=\"attachment-full size-full wp-image-2777\" alt=\"\" srcset=\"https:\/\/aviacion.mil.ve\/wp-content\/uploads\/2026\/06\/5008532587491822883.jpg 853w, https:\/\/aviacion.mil.ve\/wp-content\/uploads\/2026\/06\/5008532587491822883-200x300.jpg 200w, https:\/\/aviacion.mil.ve\/wp-content\/uploads\/2026\/06\/5008532587491822883-682x1024.jpg 682w, https:\/\/aviacion.mil.ve\/wp-content\/uploads\/2026\/06\/5008532587491822883-768x1152.jpg 768w\" sizes=\"(max-width: 853px) 100vw, 853px\" \/><\/a><\/figure><div class=\"elementor-image-box-content\"><h6 class=\"elementor-image-box-title\"><a href=\"https:\/\/aviacion.mil.ve\/wp-content\/uploads\/2026\/07\/VENEZUELA-CERO-RACISMO-GUIA-RAPIDA-PARA-ENFRENTAR-EL-RACISMO-Y-LA-DISCRIMINACION-RACIAL.pdf\" target=\"_blank\">VENEZUELA CERO RACISMO GU\u00cdA R\u00c1PIDA PARA ENFRENTAR EL RACISMO Y LA DISCRIMINACI\u00d3N RACIAL<\/a><\/h6><\/div><\/div>\t\t\t\t<\/div>\n\t\t\t\t<\/div>\n\t\t<div class=\"elementor-element elementor-element-660b5b4 e-con-full e-flex e-con e-child\" data-id=\"660b5b4\" data-element_type=\"container\" data-e-type=\"container\">\n\t\t\t\t<div class=\"elementor-element elementor-element-6f2f978 elementor-position-top elementor-widget elementor-widget-image-box\" data-id=\"6f2f978\" data-element_type=\"widget\" data-e-type=\"widget\" data-widget_type=\"image-box.default\">\n\t\t\t\t\t<div class=\"elementor-image-box-wrapper\"><figure class=\"elementor-image-box-img\"><a href=\"https:\/\/aviacion.mil.ve\/wp-content\/uploads\/2026\/07\/DERECHO-DE-LAS-MUJERES-A-VIVIR-UNA-VIDA-LIBRE-DE-VIOLENCIA.pdf\" target=\"_blank\" tabindex=\"-1\"><img loading=\"lazy\" decoding=\"async\" width=\"854\" height=\"1280\" src=\"https:\/\/aviacion.mil.ve\/wp-content\/uploads\/2026\/06\/5008532587491822884.jpg\" class=\"attachment-full size-full wp-image-2778\" alt=\"\" srcset=\"https:\/\/aviacion.mil.ve\/wp-content\/uploads\/2026\/06\/5008532587491822884.jpg 854w, https:\/\/aviacion.mil.ve\/wp-content\/uploads\/2026\/06\/5008532587491822884-200x300.jpg 200w, https:\/\/aviacion.mil.ve\/wp-content\/uploads\/2026\/06\/5008532587491822884-683x1024.jpg 683w, https:\/\/aviacion.mil.ve\/wp-content\/uploads\/2026\/06\/5008532587491822884-768x1151.jpg 768w\" sizes=\"(max-width: 854px) 100vw, 854px\" \/><\/a><\/figure><div class=\"elementor-image-box-content\"><h6 class=\"elementor-image-box-title\"><a href=\"https:\/\/aviacion.mil.ve\/wp-content\/uploads\/2026\/07\/DERECHO-DE-LAS-MUJERES-A-VIVIR-UNA-VIDA-LIBRE-DE-VIOLENCIA.pdf\" target=\"_blank\">DERECHO DE LAS MUJERES A VIVIR UNA VIDA LIBRE DE VIOLENCIA<\/a><\/h6><\/div><\/div>\t\t\t\t<\/div>\n\t\t\t\t<\/div>\n\t\t<div class=\"elementor-element elementor-element-57204ff e-con-full e-flex e-con e-child\" data-id=\"57204ff\" data-element_type=\"container\" data-e-type=\"container\">\n\t\t\t\t<div class=\"elementor-element elementor-element-e6868c8 elementor-position-top elementor-widget elementor-widget-image-box\" data-id=\"e6868c8\" data-element_type=\"widget\" data-e-type=\"widget\" data-widget_type=\"image-box.default\">\n\t\t\t\t\t<div class=\"elementor-image-box-wrapper\"><figure class=\"elementor-image-box-img\"><a href=\"https:\/\/aviacion.mil.ve\/wp-content\/uploads\/2026\/07\/DERECHOS-HUMANOS-DESDE-UNA-PERSPECTIVA-BOLIVARIANA-FERNANDO-CASADO.pdf\" target=\"_blank\" tabindex=\"-1\"><img loading=\"lazy\" decoding=\"async\" width=\"931\" height=\"1280\" src=\"https:\/\/aviacion.mil.ve\/wp-content\/uploads\/2026\/06\/5008532587491822885.jpg\" class=\"attachment-full size-full wp-image-2779\" alt=\"\" srcset=\"https:\/\/aviacion.mil.ve\/wp-content\/uploads\/2026\/06\/5008532587491822885.jpg 931w, https:\/\/aviacion.mil.ve\/wp-content\/uploads\/2026\/06\/5008532587491822885-218x300.jpg 218w, https:\/\/aviacion.mil.ve\/wp-content\/uploads\/2026\/06\/5008532587491822885-745x1024.jpg 745w, https:\/\/aviacion.mil.ve\/wp-content\/uploads\/2026\/06\/5008532587491822885-768x1056.jpg 768w\" sizes=\"(max-width: 931px) 100vw, 931px\" \/><\/a><\/figure><div class=\"elementor-image-box-content\"><h6 class=\"elementor-image-box-title\"><a href=\"https:\/\/aviacion.mil.ve\/wp-content\/uploads\/2026\/07\/DERECHOS-HUMANOS-DESDE-UNA-PERSPECTIVA-BOLIVARIANA-FERNANDO-CASADO.pdf\" target=\"_blank\">DERECHOS HUMANOS DESDE UNA PERSPECTIVA BOLIVARIANA <\/a><\/h6><\/div><\/div>\t\t\t\t<\/div>\n\t\t\t\t<\/div>\n\t\t<div class=\"elementor-element elementor-element-b664439 e-con-full e-flex e-con e-child\" data-id=\"b664439\" data-element_type=\"container\" data-e-type=\"container\">\n\t\t\t\t<div class=\"elementor-element elementor-element-bf8450f elementor-position-top elementor-widget elementor-widget-image-box\" data-id=\"bf8450f\" data-element_type=\"widget\" data-e-type=\"widget\" data-widget_type=\"image-box.default\">\n\t\t\t\t\t<div class=\"elementor-image-box-wrapper\"><figure class=\"elementor-image-box-img\"><a href=\"https:\/\/aviacion.mil.ve\/wp-content\/uploads\/2026\/07\/DERECHOS-HUMANOS-EN-EL-AMBITO-INTERNACIONAL.pdf\" target=\"_blank\" tabindex=\"-1\"><img loading=\"lazy\" decoding=\"async\" width=\"858\" height=\"1280\" src=\"https:\/\/aviacion.mil.ve\/wp-content\/uploads\/2026\/07\/5008532587491822886-1.jpg\" class=\"attachment-full size-full wp-image-3004\" alt=\"\" srcset=\"https:\/\/aviacion.mil.ve\/wp-content\/uploads\/2026\/07\/5008532587491822886-1.jpg 858w, https:\/\/aviacion.mil.ve\/wp-content\/uploads\/2026\/07\/5008532587491822886-1-201x300.jpg 201w, https:\/\/aviacion.mil.ve\/wp-content\/uploads\/2026\/07\/5008532587491822886-1-686x1024.jpg 686w, https:\/\/aviacion.mil.ve\/wp-content\/uploads\/2026\/07\/5008532587491822886-1-768x1146.jpg 768w\" sizes=\"(max-width: 858px) 100vw, 858px\" \/><\/a><\/figure><div class=\"elementor-image-box-content\"><h6 class=\"elementor-image-box-title\"><a href=\"https:\/\/aviacion.mil.ve\/wp-content\/uploads\/2026\/07\/DERECHOS-HUMANOS-EN-EL-AMBITO-INTERNACIONAL.pdf\" target=\"_blank\">DERECHOS HUMANOS EN EL \u00c1MBITO INTERNACIONAL <\/a><\/h6><\/div><\/div>\t\t\t\t<\/div>\n\t\t\t\t<\/div>\n\t\t\t\t<\/div>\n\t\t<div class=\"elementor-element elementor-element-0817fd5 e-con-full e-flex e-con e-parent\" data-id=\"0817fd5\" data-element_type=\"container\" data-e-type=\"container\">\n\t\t<div class=\"elementor-element elementor-element-b388c9f e-con-full e-flex e-con e-child\" data-id=\"b388c9f\" data-element_type=\"container\" data-e-type=\"container\">\n\t\t\t\t<div class=\"elementor-element elementor-element-2ce4ae5 elementor-position-top elementor-widget elementor-widget-image-box\" data-id=\"2ce4ae5\" data-element_type=\"widget\" data-e-type=\"widget\" data-widget_type=\"image-box.default\">\n\t\t\t\t\t<div class=\"elementor-image-box-wrapper\"><figure class=\"elementor-image-box-img\"><a href=\"https:\/\/aviacion.mil.ve\/wp-content\/uploads\/2026\/07\/DERECHOS-HUMANOS-HISTORIA-Y-CONCEPTOS-BASICOS.pdf\" target=\"_blank\" tabindex=\"-1\"><img loading=\"lazy\" decoding=\"async\" width=\"854\" height=\"1280\" src=\"https:\/\/aviacion.mil.ve\/wp-content\/uploads\/2026\/06\/5008532587491822881.jpg\" class=\"attachment-full size-full wp-image-2776\" alt=\"\" srcset=\"https:\/\/aviacion.mil.ve\/wp-content\/uploads\/2026\/06\/5008532587491822881.jpg 854w, https:\/\/aviacion.mil.ve\/wp-content\/uploads\/2026\/06\/5008532587491822881-200x300.jpg 200w, https:\/\/aviacion.mil.ve\/wp-content\/uploads\/2026\/06\/5008532587491822881-683x1024.jpg 683w, https:\/\/aviacion.mil.ve\/wp-content\/uploads\/2026\/06\/5008532587491822881-768x1151.jpg 768w\" sizes=\"(max-width: 854px) 100vw, 854px\" \/><\/a><\/figure><div class=\"elementor-image-box-content\"><h6 class=\"elementor-image-box-title\"><a href=\"https:\/\/aviacion.mil.ve\/wp-content\/uploads\/2026\/07\/DERECHOS-HUMANOS-HISTORIA-Y-CONCEPTOS-BASICOS.pdf\" target=\"_blank\">DERECHOS HUMANOS HISTORIA Y CONCEPTOS<\/a><\/h6><\/div><\/div>\t\t\t\t<\/div>\n\t\t\t\t<\/div>\n\t\t<div class=\"elementor-element elementor-element-3525a50 e-con-full e-flex e-con e-child\" data-id=\"3525a50\" data-element_type=\"container\" data-e-type=\"container\">\n\t\t\t\t<div class=\"elementor-element elementor-element-9767eeb elementor-position-top elementor-widget elementor-widget-image-box\" data-id=\"9767eeb\" data-element_type=\"widget\" data-e-type=\"widget\" data-widget_type=\"image-box.default\">\n\t\t\t\t\t<div class=\"elementor-image-box-wrapper\"><figure class=\"elementor-image-box-img\"><a href=\"https:\/\/aviacion.mil.ve\/wp-content\/uploads\/2026\/07\/DERECHOS-HUMANOS-UNA-APROXIMACION-DE-LO-HISTORICO-A-LO-COTIDIANO.pdf\" target=\"_blank\" tabindex=\"-1\"><img loading=\"lazy\" decoding=\"async\" width=\"829\" height=\"1280\" src=\"https:\/\/aviacion.mil.ve\/wp-content\/uploads\/2026\/06\/5008532587491822880.jpg\" class=\"attachment-full size-full wp-image-2775\" alt=\"\" srcset=\"https:\/\/aviacion.mil.ve\/wp-content\/uploads\/2026\/06\/5008532587491822880.jpg 829w, https:\/\/aviacion.mil.ve\/wp-content\/uploads\/2026\/06\/5008532587491822880-194x300.jpg 194w, https:\/\/aviacion.mil.ve\/wp-content\/uploads\/2026\/06\/5008532587491822880-663x1024.jpg 663w, https:\/\/aviacion.mil.ve\/wp-content\/uploads\/2026\/06\/5008532587491822880-768x1186.jpg 768w\" sizes=\"(max-width: 829px) 100vw, 829px\" \/><\/a><\/figure><div class=\"elementor-image-box-content\"><h6 class=\"elementor-image-box-title\"><a href=\"https:\/\/aviacion.mil.ve\/wp-content\/uploads\/2026\/07\/DERECHOS-HUMANOS-UNA-APROXIMACION-DE-LO-HISTORICO-A-LO-COTIDIANO.pdf\" target=\"_blank\">DERECHOS HUMANOS UNA APROXIMACI\u00d3N DE LO HIST\u00d3RICO A LO COTIDIANO<\/a><\/h6><\/div><\/div>\t\t\t\t<\/div>\n\t\t\t\t<\/div>\n\t\t<div class=\"elementor-element elementor-element-773843f e-con-full e-flex e-con e-child\" data-id=\"773843f\" data-element_type=\"container\" data-e-type=\"container\">\n\t\t\t\t<div class=\"elementor-element elementor-element-bf5fae7 elementor-position-top elementor-widget elementor-widget-image-box\" data-id=\"bf5fae7\" data-element_type=\"widget\" data-e-type=\"widget\" data-widget_type=\"image-box.default\">\n\t\t\t\t\t<div class=\"elementor-image-box-wrapper\"><figure class=\"elementor-image-box-img\"><a href=\"https:\/\/aviacion.mil.ve\/wp-content\/uploads\/2026\/07\/DERECHOS-HUMANOS-Y-PUEBLO-INDIGENA-PUME-DE-LA-LEGISLACION-A-LA-ACCION-GUBERNAMENTAL.pdf\" target=\"_blank\" tabindex=\"-1\"><img loading=\"lazy\" decoding=\"async\" width=\"848\" height=\"1280\" src=\"https:\/\/aviacion.mil.ve\/wp-content\/uploads\/2026\/06\/5008532587491822882.jpg\" class=\"attachment-full size-full wp-image-2774\" alt=\"\" srcset=\"https:\/\/aviacion.mil.ve\/wp-content\/uploads\/2026\/06\/5008532587491822882.jpg 848w, https:\/\/aviacion.mil.ve\/wp-content\/uploads\/2026\/06\/5008532587491822882-199x300.jpg 199w, https:\/\/aviacion.mil.ve\/wp-content\/uploads\/2026\/06\/5008532587491822882-678x1024.jpg 678w, https:\/\/aviacion.mil.ve\/wp-content\/uploads\/2026\/06\/5008532587491822882-768x1159.jpg 768w\" sizes=\"(max-width: 848px) 100vw, 848px\" \/><\/a><\/figure><div class=\"elementor-image-box-content\"><h6 class=\"elementor-image-box-title\"><a href=\"https:\/\/aviacion.mil.ve\/wp-content\/uploads\/2026\/07\/DERECHOS-HUMANOS-Y-PUEBLO-INDIGENA-PUME-DE-LA-LEGISLACION-A-LA-ACCION-GUBERNAMENTAL.pdf\" target=\"_blank\">DERECHOS HUMANOS Y PUEBLO IND\u00cdGENA PUM\u00c9 DE LA LEGISLACI\u00d3N A LA ACCI\u00d3N GUBERNAMENTAL<\/a><\/h6><\/div><\/div>\t\t\t\t<\/div>\n\t\t\t\t<\/div>\n\t\t<div class=\"elementor-element elementor-element-3bed9bf e-con-full e-flex e-con e-child\" data-id=\"3bed9bf\" data-element_type=\"container\" data-e-type=\"container\">\n\t\t\t\t<div class=\"elementor-element elementor-element-44a1788 elementor-position-top elementor-widget elementor-widget-image-box\" data-id=\"44a1788\" data-element_type=\"widget\" data-e-type=\"widget\" data-widget_type=\"image-box.default\">\n\t\t\t\t\t<div class=\"elementor-image-box-wrapper\"><figure class=\"elementor-image-box-img\"><a href=\"https:\/\/aviacion.mil.ve\/wp-content\/uploads\/2026\/07\/IMPENSAR-LOS-DERECHOS-HUMANOS.pdf\" target=\"_blank\" tabindex=\"-1\"><img loading=\"lazy\" decoding=\"async\" width=\"824\" height=\"1280\" src=\"https:\/\/aviacion.mil.ve\/wp-content\/uploads\/2026\/06\/5008532587491822879.jpg\" class=\"attachment-full size-full wp-image-2773\" alt=\"\" srcset=\"https:\/\/aviacion.mil.ve\/wp-content\/uploads\/2026\/06\/5008532587491822879.jpg 824w, https:\/\/aviacion.mil.ve\/wp-content\/uploads\/2026\/06\/5008532587491822879-193x300.jpg 193w, https:\/\/aviacion.mil.ve\/wp-content\/uploads\/2026\/06\/5008532587491822879-659x1024.jpg 659w, https:\/\/aviacion.mil.ve\/wp-content\/uploads\/2026\/06\/5008532587491822879-768x1193.jpg 768w\" sizes=\"(max-width: 824px) 100vw, 824px\" \/><\/a><\/figure><div class=\"elementor-image-box-content\"><h6 class=\"elementor-image-box-title\"><a href=\"https:\/\/aviacion.mil.ve\/wp-content\/uploads\/2026\/07\/IMPENSAR-LOS-DERECHOS-HUMANOS.pdf\" target=\"_blank\">IMPENSAR LOS DERECHOS HUMANOS<\/a><\/h6><\/div><\/div>\t\t\t\t<\/div>\n\t\t\t\t<\/div>\n\t\t\t\t<\/div>\n\t\t<div class=\"elementor-element elementor-element-807c4b6 e-con-full e-flex e-con e-parent\" data-id=\"807c4b6\" data-element_type=\"container\" data-e-type=\"container\">\n\t\t<div class=\"elementor-element elementor-element-6e757a4 e-con-full e-flex e-con e-child\" data-id=\"6e757a4\" data-element_type=\"container\" data-e-type=\"container\">\n\t\t\t\t<div class=\"elementor-element elementor-element-5bca84e elementor-position-top elementor-widget elementor-widget-image-box\" data-id=\"5bca84e\" data-element_type=\"widget\" data-e-type=\"widget\" data-widget_type=\"image-box.default\">\n\t\t\t\t\t<div class=\"elementor-image-box-wrapper\"><figure class=\"elementor-image-box-img\"><a href=\"https:\/\/aviacion.mil.ve\/wp-content\/uploads\/2026\/07\/LA-DENUNCIA-MOVILIZANDO-VOLUNTADES-CONTRA-LA-IMPUNIDAD-1.pdf\" target=\"_blank\" tabindex=\"-1\"><img loading=\"lazy\" decoding=\"async\" width=\"864\" height=\"1238\" src=\"https:\/\/aviacion.mil.ve\/wp-content\/uploads\/2026\/06\/5008532587491822878.jpg\" class=\"attachment-full size-full wp-image-2772\" alt=\"\" srcset=\"https:\/\/aviacion.mil.ve\/wp-content\/uploads\/2026\/06\/5008532587491822878.jpg 864w, https:\/\/aviacion.mil.ve\/wp-content\/uploads\/2026\/06\/5008532587491822878-209x300.jpg 209w, https:\/\/aviacion.mil.ve\/wp-content\/uploads\/2026\/06\/5008532587491822878-715x1024.jpg 715w, https:\/\/aviacion.mil.ve\/wp-content\/uploads\/2026\/06\/5008532587491822878-768x1100.jpg 768w\" sizes=\"(max-width: 864px) 100vw, 864px\" \/><\/a><\/figure><div class=\"elementor-image-box-content\"><h6 class=\"elementor-image-box-title\"><a href=\"https:\/\/aviacion.mil.ve\/wp-content\/uploads\/2026\/07\/LA-DENUNCIA-MOVILIZANDO-VOLUNTADES-CONTRA-LA-IMPUNIDAD-1.pdf\" target=\"_blank\">LA DENUNCIA MOVILIZANDO VOLUNTADES CONTRA LA IMPUNIDAD<\/a><\/h6><\/div><\/div>\t\t\t\t<\/div>\n\t\t\t\t<\/div>\n\t\t<div class=\"elementor-element elementor-element-589036b e-con-full e-flex e-con e-child\" data-id=\"589036b\" data-element_type=\"container\" data-e-type=\"container\">\n\t\t\t\t<div class=\"elementor-element elementor-element-6b409ea elementor-position-top elementor-widget elementor-widget-image-box\" data-id=\"6b409ea\" data-element_type=\"widget\" data-e-type=\"widget\" data-widget_type=\"image-box.default\">\n\t\t\t\t\t<div class=\"elementor-image-box-wrapper\"><figure class=\"elementor-image-box-img\"><a href=\"https:\/\/aviacion.mil.ve\/wp-content\/uploads\/2026\/07\/HACIA-UN-ESTADO-PLURICULTURAL-NATURALEZA-DE-LOS-DERECHOS-DE-LOS-PUEBLOS-INDIGENAS-EN-VENEZUELA.pdf\" target=\"_blank\" tabindex=\"-1\"><img loading=\"lazy\" decoding=\"async\" width=\"853\" height=\"1280\" src=\"https:\/\/aviacion.mil.ve\/wp-content\/uploads\/2026\/07\/5008532587491822890.jpg\" class=\"attachment-full size-full wp-image-3005\" alt=\"\" srcset=\"https:\/\/aviacion.mil.ve\/wp-content\/uploads\/2026\/07\/5008532587491822890.jpg 853w, https:\/\/aviacion.mil.ve\/wp-content\/uploads\/2026\/07\/5008532587491822890-200x300.jpg 200w, https:\/\/aviacion.mil.ve\/wp-content\/uploads\/2026\/07\/5008532587491822890-682x1024.jpg 682w, https:\/\/aviacion.mil.ve\/wp-content\/uploads\/2026\/07\/5008532587491822890-768x1152.jpg 768w\" sizes=\"(max-width: 853px) 100vw, 853px\" \/><\/a><\/figure><div class=\"elementor-image-box-content\"><h6 class=\"elementor-image-box-title\"><a href=\"https:\/\/aviacion.mil.ve\/wp-content\/uploads\/2026\/07\/HACIA-UN-ESTADO-PLURICULTURAL-NATURALEZA-DE-LOS-DERECHOS-DE-LOS-PUEBLOS-INDIGENAS-EN-VENEZUELA.pdf\" target=\"_blank\">HACIA UN ESTADO PLURICULTURAL NATURALEZA DE LOS DERECHOS DE LOS PUEBLOS IND\u00cdGENAS EN VENEZUELA<\/a><\/h6><\/div><\/div>\t\t\t\t<\/div>\n\t\t\t\t<\/div>\n\t\t<div class=\"elementor-element elementor-element-263d692 e-con-full e-flex e-con e-child\" data-id=\"263d692\" data-element_type=\"container\" data-e-type=\"container\">\n\t\t\t\t<div class=\"elementor-element elementor-element-ff7b2a7 elementor-position-top elementor-widget elementor-widget-image-box\" data-id=\"ff7b2a7\" data-element_type=\"widget\" data-e-type=\"widget\" data-widget_type=\"image-box.default\">\n\t\t\t\t\t<div class=\"elementor-image-box-wrapper\"><figure class=\"elementor-image-box-img\"><a href=\"https:\/\/aviacion.mil.ve\/wp-content\/uploads\/2026\/07\/LA-INTERCULTURALIDAD-EN-EL-ESTADO-VENEZOLANO-LOS-DERECHOS-HUMANOS-DE-LOS-PUEBLOS-Y-COMUNIDADES-INDIGENAS.pdf\" target=\"_blank\" tabindex=\"-1\"><img loading=\"lazy\" decoding=\"async\" width=\"833\" height=\"1212\" src=\"https:\/\/aviacion.mil.ve\/wp-content\/uploads\/2026\/07\/5008532587491822889.jpg\" class=\"attachment-full size-full wp-image-3014\" alt=\"\" srcset=\"https:\/\/aviacion.mil.ve\/wp-content\/uploads\/2026\/07\/5008532587491822889.jpg 833w, https:\/\/aviacion.mil.ve\/wp-content\/uploads\/2026\/07\/5008532587491822889-206x300.jpg 206w, https:\/\/aviacion.mil.ve\/wp-content\/uploads\/2026\/07\/5008532587491822889-704x1024.jpg 704w, https:\/\/aviacion.mil.ve\/wp-content\/uploads\/2026\/07\/5008532587491822889-768x1117.jpg 768w\" sizes=\"(max-width: 833px) 100vw, 833px\" \/><\/a><\/figure><div class=\"elementor-image-box-content\"><h6 class=\"elementor-image-box-title\"><a href=\"https:\/\/aviacion.mil.ve\/wp-content\/uploads\/2026\/07\/LA-INTERCULTURALIDAD-EN-EL-ESTADO-VENEZOLANO-LOS-DERECHOS-HUMANOS-DE-LOS-PUEBLOS-Y-COMUNIDADES-INDIGENAS.pdf\" target=\"_blank\">LA INTERCULTURALIDAD EN EL ESTADO VENEZOLANO LOS DERECHOS HUMANOS DE LOS PUEBLOS Y COMUNIDADES IND\u00cdGENAS<\/a><\/h6><\/div><\/div>\t\t\t\t<\/div>\n\t\t\t\t<\/div>\n\t\t<div class=\"elementor-element elementor-element-21eddb7 e-con-full e-flex e-con e-child\" data-id=\"21eddb7\" data-element_type=\"container\" data-e-type=\"container\">\n\t\t\t\t<div class=\"elementor-element elementor-element-87f8e0a elementor-position-top elementor-widget elementor-widget-image-box\" data-id=\"87f8e0a\" data-element_type=\"widget\" data-e-type=\"widget\" data-widget_type=\"image-box.default\">\n\t\t\t\t\t<div class=\"elementor-image-box-wrapper\"><figure class=\"elementor-image-box-img\"><a href=\"https:\/\/aviacion.mil.ve\/wp-content\/uploads\/2026\/07\/LENTES-DE-GENERO.pdf\" target=\"_blank\" tabindex=\"-1\"><img loading=\"lazy\" decoding=\"async\" width=\"866\" height=\"1280\" src=\"https:\/\/aviacion.mil.ve\/wp-content\/uploads\/2026\/07\/5008532587491822888.jpg\" class=\"attachment-full size-full wp-image-3015\" alt=\"\" srcset=\"https:\/\/aviacion.mil.ve\/wp-content\/uploads\/2026\/07\/5008532587491822888.jpg 866w, https:\/\/aviacion.mil.ve\/wp-content\/uploads\/2026\/07\/5008532587491822888-203x300.jpg 203w, https:\/\/aviacion.mil.ve\/wp-content\/uploads\/2026\/07\/5008532587491822888-693x1024.jpg 693w, https:\/\/aviacion.mil.ve\/wp-content\/uploads\/2026\/07\/5008532587491822888-768x1135.jpg 768w\" sizes=\"(max-width: 866px) 100vw, 866px\" \/><\/a><\/figure><div class=\"elementor-image-box-content\"><h6 class=\"elementor-image-box-title\"><a href=\"https:\/\/aviacion.mil.ve\/wp-content\/uploads\/2026\/07\/LENTES-DE-GENERO.pdf\" target=\"_blank\">LENTES DE G\u00c9NERO<\/a><\/h6><\/div><\/div>\t\t\t\t<\/div>\n\t\t\t\t<\/div>\n\t\t\t\t<\/div>\n\t\t<div class=\"elementor-element elementor-element-e6ba2bc e-flex e-con-boxed e-con e-parent\" data-id=\"e6ba2bc\" data-element_type=\"container\" data-e-type=\"container\">\n\t\t\t\t\t<div class=\"e-con-inner\">\n\t\t<div class=\"elementor-element elementor-element-08a7c52 e-con-full e-flex e-con e-child\" data-id=\"08a7c52\" data-element_type=\"container\" data-e-type=\"container\">\n\t\t\t\t<div class=\"elementor-element elementor-element-928e82d elementor-position-top elementor-widget elementor-widget-image-box\" data-id=\"928e82d\" data-element_type=\"widget\" data-e-type=\"widget\" data-widget_type=\"image-box.default\">\n\t\t\t\t\t<div class=\"elementor-image-box-wrapper\"><figure class=\"elementor-image-box-img\"><a href=\"https:\/\/aviacion.mil.ve\/wp-content\/uploads\/2026\/07\/LOS-DERECHOS-HUMANOS-DESDE-EL-ENFOQUE-CRITICO-REFLEXIONES-PARA-EL-ABORDAJE-DE-LA-REALIDAD-VENEZOLANA-Y-LATINOAMERICANA-1.pdf\" target=\"_blank\" tabindex=\"-1\"><img loading=\"lazy\" decoding=\"async\" width=\"987\" height=\"1280\" src=\"https:\/\/aviacion.mil.ve\/wp-content\/uploads\/2026\/07\/5008532587491822887.jpg\" class=\"attachment-full size-full wp-image-3028\" alt=\"\" srcset=\"https:\/\/aviacion.mil.ve\/wp-content\/uploads\/2026\/07\/5008532587491822887.jpg 987w, https:\/\/aviacion.mil.ve\/wp-content\/uploads\/2026\/07\/5008532587491822887-231x300.jpg 231w, https:\/\/aviacion.mil.ve\/wp-content\/uploads\/2026\/07\/5008532587491822887-790x1024.jpg 790w, https:\/\/aviacion.mil.ve\/wp-content\/uploads\/2026\/07\/5008532587491822887-768x996.jpg 768w\" sizes=\"(max-width: 987px) 100vw, 987px\" \/><\/a><\/figure><div class=\"elementor-image-box-content\"><h6 class=\"elementor-image-box-title\"><a href=\"https:\/\/aviacion.mil.ve\/wp-content\/uploads\/2026\/07\/LOS-DERECHOS-HUMANOS-DESDE-EL-ENFOQUE-CRITICO-REFLEXIONES-PARA-EL-ABORDAJE-DE-LA-REALIDAD-VENEZOLANA-Y-LATINOAMERICANA-1.pdf\" target=\"_blank\">LOS DERECHOS HUMANOS DESDE EL ENFOQUE CR\u00cdTICO REFLEXIONES PARA EL ABORDAJE DE LA REALIDAD VENEZOLANA Y LATINOAMERICANA<\/a><\/h6><\/div><\/div>\t\t\t\t<\/div>\n\t\t\t\t<\/div>\n\t\t<div class=\"elementor-element elementor-element-4c966c3 e-con-full e-flex e-con e-child\" data-id=\"4c966c3\" data-element_type=\"container\" data-e-type=\"container\">\n\t\t\t\t<div class=\"elementor-element elementor-element-8863059 elementor-position-top elementor-widget elementor-widget-image-box\" data-id=\"8863059\" data-element_type=\"widget\" data-e-type=\"widget\" data-widget_type=\"image-box.default\">\n\t\t\t\t\t<div class=\"elementor-image-box-wrapper\"><figure class=\"elementor-image-box-img\"><a href=\"https:\/\/aviacion.mil.ve\/wp-content\/uploads\/2026\/08\/PLAN-NACIONAL-DE-DDHH.pdf\" target=\"_blank\" tabindex=\"-1\"><img loading=\"lazy\" decoding=\"async\" width=\"933\" height=\"1280\" src=\"https:\/\/aviacion.mil.ve\/wp-content\/uploads\/2026\/08\/photo_4913438244872064135_y.jpg\" class=\"attachment-full size-full wp-image-3488\" alt=\"\" srcset=\"https:\/\/aviacion.mil.ve\/wp-content\/uploads\/2026\/08\/photo_4913438244872064135_y.jpg 933w, https:\/\/aviacion.mil.ve\/wp-content\/uploads\/2026\/08\/photo_4913438244872064135_y-219x300.jpg 219w, https:\/\/aviacion.mil.ve\/wp-content\/uploads\/2026\/08\/photo_4913438244872064135_y-746x1024.jpg 746w, https:\/\/aviacion.mil.ve\/wp-content\/uploads\/2026\/08\/photo_4913438244872064135_y-768x1054.jpg 768w\" sizes=\"(max-width: 933px) 100vw, 933px\" \/><\/a><\/figure><div class=\"elementor-image-box-content\"><h6 class=\"elementor-image-box-title\"><a href=\"https:\/\/aviacion.mil.ve\/wp-content\/uploads\/2026\/08\/PLAN-NACIONAL-DE-DDHH.pdf\" target=\"_blank\">PLAN NACIONAL DE DERECHOS HUMANOS<\/a><\/h6><\/div><\/div>\t\t\t\t<\/div>\n\t\t\t\t<\/div>\n\t\t<div class=\"elementor-element elementor-element-3497cc6 e-con-full e-flex e-con e-child\" data-id=\"3497cc6\" data-element_type=\"container\" data-e-type=\"container\">\n\t\t\t\t<div class=\"elementor-element elementor-element-cc4c3d8 elementor-position-top elementor-widget elementor-widget-image-box\" data-id=\"cc4c3d8\" data-element_type=\"widget\" data-e-type=\"widget\" data-widget_type=\"image-box.default\">\n\t\t\t\t\t<div class=\"elementor-image-box-wrapper\"><figure class=\"elementor-image-box-img\"><a href=\"https:\/\/aviacion.mil.ve\/wp-content\/uploads\/2026\/08\/MANUAL-EDUCACION-SEXUAL-Y-REPRODUCTIVA-3.pdf\" target=\"_blank\" tabindex=\"-1\"><img loading=\"lazy\" decoding=\"async\" width=\"954\" height=\"1280\" src=\"https:\/\/aviacion.mil.ve\/wp-content\/uploads\/2026\/08\/photo_4947504512419696861_y.jpg\" class=\"attachment-full size-full wp-image-3587\" alt=\"\" srcset=\"https:\/\/aviacion.mil.ve\/wp-content\/uploads\/2026\/08\/photo_4947504512419696861_y.jpg 954w, https:\/\/aviacion.mil.ve\/wp-content\/uploads\/2026\/08\/photo_4947504512419696861_y-224x300.jpg 224w, https:\/\/aviacion.mil.ve\/wp-content\/uploads\/2026\/08\/photo_4947504512419696861_y-763x1024.jpg 763w, https:\/\/aviacion.mil.ve\/wp-content\/uploads\/2026\/08\/photo_4947504512419696861_y-768x1030.jpg 768w\" sizes=\"(max-width: 954px) 100vw, 954px\" \/><\/a><\/figure><div class=\"elementor-image-box-content\"><h6 class=\"elementor-image-box-title\"><a href=\"https:\/\/aviacion.mil.ve\/wp-content\/uploads\/2026\/08\/MANUAL-EDUCACION-SEXUAL-Y-REPRODUCTIVA-3.pdf\" target=\"_blank\">MANUAL EDUCACI\u00d3N SEXUAL Y REPRODUCTIVA<\/a><\/h6><\/div><\/div>\t\t\t\t<\/div>\n\t\t\t\t<\/div>\n\t\t<div class=\"elementor-element elementor-element-91bdfe6 e-con-full e-flex e-con e-child\" data-id=\"91bdfe6\" data-element_type=\"container\" data-e-type=\"container\">\n\t\t\t\t<div class=\"elementor-element elementor-element-3276c6b elementor-position-top elementor-widget elementor-widget-image-box\" data-id=\"3276c6b\" data-element_type=\"widget\" data-e-type=\"widget\" data-widget_type=\"image-box.default\">\n\t\t\t\t\t<div class=\"elementor-image-box-wrapper\"><figure class=\"elementor-image-box-img\"><img decoding=\"async\" src=\"https:\/\/aviacion.mil.ve\/wp-content\/plugins\/elementor\/assets\/images\/placeholder.png\" title=\"\" alt=\"\" loading=\"lazy\" \/><\/figure><\/div>\t\t\t\t<\/div>\n\t\t\t\t<\/div>\n\t\t\t\t\t<\/div>\n\t\t\t\t<\/div>\n\t\t\t\t<\/div>\n\t\t","protected":false},"excerpt":{"rendered":"<p>VENEZUELA CERO RACISMO GU\u00cdA R\u00c1PIDA PARA ENFRENTAR EL RACISMO Y LA DISCRIMINACI\u00d3N RACIAL DERECHO DE LAS MUJERES A VIVIR UNA [&hellip;]<\/p>\n","protected":false},"author":1,"featured_media":0,"parent":0,"menu_order":0,"comment_status":"closed","ping_status":"closed","template":"","meta":{"site-sidebar-layout":"no-sidebar","site-content-layout":"","ast-site-content-layout":"full-width-container","site-content-style":"default","site-sidebar-style":"default","ast-global-header-display":"","ast-banner-title-visibility":"","ast-main-header-display":"","ast-hfb-above-header-display":"","ast-hfb-below-header-display":"","ast-hfb-mobile-header-display":"","site-post-title":"disabled","ast-breadcrumbs-content":"","ast-featured-img":"disabled","footer-sml-layout":"","ast-disable-related-posts":"","theme-transparent-header-meta":"","adv-header-id-meta":"","stick-header-meta":"","header-above-stick-meta":"","header-main-stick-meta":"","header-below-stick-meta":"","astra-migrate-meta-layouts":"default","ast-page-background-enabled":"default","ast-page-background-meta":{"desktop":{"background-color":"var(--ast-global-color-5)","background-image":"","background-repeat":"repeat","background-position":"center center","background-size":"auto","background-attachment":"scroll","background-type":"","background-media":"","overlay-type":"","overlay-color":"","overlay-opacity":"","overlay-gradient":""},"tablet":{"background-color":"","background-image":"","background-repeat":"repeat","background-position":"center center","background-size":"auto","background-attachment":"scroll","background-type":"","background-media":"","overlay-type":"","overlay-color":"","overlay-opacity":"","overlay-gradient":""},"mobile":{"background-color":"","background-image":"","background-repeat":"repeat","background-position":"center center","background-size":"auto","background-attachment":"scroll","background-type":"","background-media":"","overlay-type":"","overlay-color":"","overlay-opacity":"","overlay-gradient":""}},"ast-content-background-meta":{"desktop":{"background-color":"var(--ast-global-color-4)","background-image":"","background-repeat":"repeat","background-position":"center center","background-size":"auto","background-attachment":"scroll","background-type":"","background-media":"","overlay-type":"","overlay-color":"","overlay-opacity":"","overlay-gradient":""},"tablet":{"background-color":"var(--ast-global-color-4)","background-image":"","background-repeat":"repeat","background-position":"center center","background-size":"auto","background-attachment":"scroll","background-type":"","background-media":"","overlay-type":"","overlay-color":"","overlay-opacity":"","overlay-gradient":""},"mobile":{"background-color":"var(--ast-global-color-4)","background-image":"","background-repeat":"repeat","background-position":"center center","background-size":"auto","background-attachment":"scroll","background-type":"","background-media":"","overlay-type":"","overlay-color":"","overlay-opacity":"","overlay-gradient":""}},"_themeisle_gutenberg_block_has_review":false,"footnotes":""},"class_list":["post-1625","page","type-page","status-publish","hentry"],"_links":{"self":[{"href":"https:\/\/aviacion.mil.ve\/index.php\/wp-json\/wp\/v2\/pages\/1625","targetHints":{"allow":["GET"]}}],"collection":[{"href":"https:\/\/aviacion.mil.ve\/index.php\/wp-json\/wp\/v2\/pages"}],"about":[{"href":"https:\/\/aviacion.mil.ve\/index.php\/wp-json\/wp\/v2\/types\/page"}],"author":[{"embeddable":true,"href":"https:\/\/aviacion.mil.ve\/index.php\/wp-json\/wp\/v2\/users\/1"}],"replies":[{"embeddable":true,"href":"https:\/\/aviacion.mil.ve\/index.php\/wp-json\/wp\/v2\/comments?post=1625"}],"version-history":[{"count":86,"href":"https:\/\/aviacion.mil.ve\/index.php\/wp-json\/wp\/v2\/pages\/1625\/revisions"}],"predecessor-version":[{"id":3590,"href":"https:\/\/aviacion.mil.ve\/index.php\/wp-json\/wp\/v2\/pages\/1625\/revisions\/3590"}],"wp:attachment":[{"href":"https:\/\/aviacion.mil.ve\/index.php\/wp-json\/wp\/v2\/media?parent=1625"}],"curies":[{"name":"wp","href":"https:\/\/api.w.org\/{rel}","templated":true}]}}